{"id":165,"date":"2021-12-15T11:32:41","date_gmt":"2021-12-15T10:32:41","guid":{"rendered":"https:\/\/www.czapski.cz\/?page_id=165"},"modified":"2021-12-21T11:37:28","modified_gmt":"2021-12-21T10:37:28","slug":"kalendarium-2","status":"publish","type":"page","link":"https:\/\/www.czapski.cz\/index.php\/pl\/kalendarium-2\/","title":{"rendered":"Kalendarium"},"content":{"rendered":"\n<p>J\u00f3zef Czapski&nbsp; &#8211; syn J\u00f3zefy Leopoldyny hrabiny Thun \u2013 Hohenstein (Austriaczki) oraz hrabiego Jerzego Hutten \u2013 Czapskiego (Polaka). Wnuk hrabiego <strong>Fryderyka Franciszka J\u00f3zefa Thun-Hohenstein, urodzonego<\/strong> 7 maja 1810 w D\u011b\u010d\u00edn, siostrzeniec Franciszka Thun- Hohenstein (Namiestnika Czech w latach 1889-1896 i latach 1911-1915).<\/p>\n\n\n\n<p>Urodzi\u0142 si\u0119 w Pradze, dzieci\u0144stwo sp\u0119dzi\u0142 na ziemiach polskich, pod zaborem rosyjskim, m\u0142odo\u015b\u0107 \u2013 w Piotrogrodzie, niepodleg\u0142ej Polsce i Francji, doros\u0142e \u017cycie \u2013 we Francji.<\/p>\n\n\n\n<p>J\u00f3zef Czapski \u2013 polski malarz, pisarz, \u017co\u0142nierz Armii Andersa, wi\u0119zie\u0144 oboz\u00f3w sowieckich w latach 1939-1941 (Starobielsk, Pawliszczew Bor, Griazowiec), znalaz\u0142 si\u0119 w\u015br\u00f3d 395 ocalonych \u00a0z blisko \u00a022 tys. polskich obywateli wzi\u0119tych do niewoli po agresji ZSRR na Polsk\u0119 17 wrze\u015bnia 1939 roku. Do ko\u0144ca \u017cycia zabiega\u0142, by \u015bwiat dowiedzia\u0142 si\u0119 o zbrodni katy\u0144skiej.<\/p>\n\n\n\n<p><strong>1896<\/strong><\/p>\n\n\n\n<p>2 kwietnia &#8211; w Pa\u0142acu Thun\u00f3w w Pradze, przy ul. Nerudovej 20 urodzi\u0142 si\u0119 J\u00f3zef Czapski. Rodzina chcia\u0142a, \u00a0by dzieci rodzi\u0142y si\u0119\u00a0 w rodowym Pa\u0142acu, a nie w maj\u0105tku b\u0119d\u0105cym w\u00f3wczas na terenach zaboru rosyjskiego. Z rodzinnego maj\u0105tku z teren\u00f3w dzisiejszej Bia\u0142orusi z miejscowo\u015bci Przy\u0142uki brzemienna J\u00f3zefa Hutten- Czapska przyby\u0142a wi\u0119c do Pragi, gdzie mieszka\u0142a jej matka i rodze\u0144stwo.\u00a0Por\u00f3d odby\u0142 si\u0119 w mieszkaniu\u00a0 starszego brata, Franciszka Thuna, wieloletniego namiestnika Czech i p\u00f3\u017aniejszego (w latach 1898 \u2013 1899) premiera Austrii. Akuszerk\u0105 by\u0142a\u00a0Gabriela Suda.<\/p>\n\n\n\n<p>4 kwietnia\u2013 dziecko zosta\u0142o ochrzczone w Ko\u015bciele \u015bw. Miko\u0142aja w Pradze.<\/p>\n\n\n\n<p>Dzieci\u0144stwo J\u00f3zef Czapski sp\u0119dzi\u0142 &nbsp;w rodzinnym maj\u0105tku w Przy\u0142ukach nieopodal Mi\u0144ska. (dzisiejsza Bia\u0142oru\u015b, w\u00f3wczas ziemie polskie pod zaborem rosyjskim).<\/p>\n\n\n\n<p><strong>1903<\/strong><\/p>\n\n\n\n<p>13 sierpnia &#8211; zmar\u0142a w po\u0142ogu 36 letnia J\u00f3zefa Hutten &#8211; Czapska. J\u00f3zef straci\u0142 w jednym dniu matk\u0119 i przedwcze\u015bnie urodzon\u0105 siostr\u0119 Teres\u0119. Mia\u0142 w\u00f3wczas 7 lat.<\/p>\n\n\n\n<p>W domu rodzinnym pod opiek\u0105 nauczyciela Wac\u0142awa Iwanowskiego oraz guwernantek uczy\u0142 si\u0119 francuskiego, niemieckiego oraz rosyjskiego. Otrzyma\u0142 podstawowe wykszta\u0142cenie. Pobiera\u0142 nauki rysunki, rze\u017abi\u0142, ale tak\u017ce uczy\u0142 si\u0119 gry na fortepianie.<\/p>\n\n\n\n<p><strong>1905<\/strong><\/p>\n\n\n\n<p>Wraz z czw\u00f3rk\u0105 rodze\u0144stwa sp\u0119dzi\u0142\u00a0 w sierpniu i we wrze\u015bniu czas pod opiek\u0105 swojej babci\u00a0El\u017cbiety Meyendorff\u00a0 Emerykowej Czapskiej w Suddenbach, pod Ryg\u0105.<\/p>\n\n\n\n<p><strong>1909<\/strong><\/p>\n\n\n\n<p>Lato sp\u0119dzi\u0142 w Houlgate (Normandia).<\/p>\n\n\n\n<p><strong>1912-1915<\/strong><\/p>\n\n\n\n<p>Uczy\u0142 si\u0119 w XII Gimnazjum na Fontance w Petersburgu. Towarzyszy\u0142 mu nauczyciel Wac\u0142aw Iwanowski. W tym te\u017c czasie kontynuowa\u0142 nauk\u0119 gry na fortepianie i bra\u0142 lekcje rysunku.<\/p>\n\n\n\n<p>Latem &nbsp;wraz ze swoim bratem Stanis\u0142awem i nauczycielem W\u0142adys\u0142awem Iwanowskim podr\u00f3\u017cowa\u0142 po W\u0142oszech, przebywa\u0142 tak\u017ce w Wenecji. Odwiedzi\u0142 Villars-sur-Ollon w Alpach Szwajcarskich.<\/p>\n\n\n\n<p><strong>1915<\/strong><\/p>\n\n\n\n<p>30 czerwca\u00a0 zosta\u0142 przyj\u0119ty na Wydzia\u0142 Prawa Cesarskiego Uniwersytetu Piotrogrodzkiego, kt\u00f3ry gwarantowa\u0142\u00a0odroczenie od s\u0142u\u017cby wojskowej. Mieszka\u0142 u wuja Aleksandra Meyendorffa.<\/p>\n\n\n\n<p>Wspominaj\u0105c po latach studia, stwierdzi\u0142, \u017ce niczego si\u0119 nie nauczy\u0142. \u201eKocha\u0142em si\u0119 w Puszkinie, w Dostojewskim. Mia\u0142em jaki\u015b kompleks ni\u017cszo\u015bci wobec literatury rosyjskiej\u201d (film <em>Czapski<\/em>, re\u017c. A. Holland, A. Wolski, 1985).<\/p>\n\n\n\n<p><strong>1916<\/strong><\/p>\n\n\n\n<p>W zwi\u0105zku z wybuchem I wojny \u015bwiatowej (w 1914 roku) i uchyleniem przez Rad\u0119 Ministr\u00f3w (w styczniu 1916 roku) ustawy gwarantuj\u0105cej studentom odroczenie s\u0142u\u017cby wojskowej latem, stan\u0105\u0142 w obliczu powo\u0142ania do wojska. W tej sytuacji postanowi\u0142 skorzysta\u0107 z mo\u017cliwo\u015bci uzyskania w przyspieszonym trybie stopnia podoficerskiego i 25 maja tego roku zwr\u00f3ci\u0142 si\u0119 do rektora z pro\u015bb\u0105 o zwolnienie z uczelni, kt\u00f3re uzyska\u0142 31 maja. Dzi\u0119ki koneksjom ojca (w tym pomocy gen. N. W. Bibikowa) wst\u0105pi\u0142 do Korpusu Pazi\u00f3w. W tej elitarnej uczelni wojskowej kszta\u0142ci\u0142 si\u0119 na m\u0142odszego oficera kawalerii od czerwca 1916 do lutego 1917 roku. Korpus Pazi\u00f3w, w kt\u00f3rym by\u0142o w\u00f3wczas sporo Polak\u00f3w, w tym kuzyni hr. Platerowie, uko\u0144czy\u0142 ze stopniem chor\u0105\u017cego.<\/p>\n\n\n\n<p>Przeczyta\u0142\u00a0 broszur\u0119 antywojenn\u0105 Romain Rollanda\u00a0 pt. <em>Au dessus de la m\u00eal\u00e9e<\/em> . Pod jej wp\u0142ywem napisa\u0142 list do autora i uzyska\u0142 odpowied\u017a . To pierwszy moment rodzenia si\u0119 pogl\u0105d\u00f3w pacyfistycznych. Zafascynowa\u0142 si\u0119 tw\u00f3rczo\u015bci\u0105 Lwa To\u0142stoja.<\/p>\n\n\n\n<p><strong>1917<\/strong><\/p>\n\n\n\n<p>Czapski w Piotrogrodzie jest \u015bwiadkiem wybuchu rewolucji lutowej, jednak\u00a0pierwsze dni sp\u0119dzi\u0142 w szkolnym szpitalu.<\/p>\n\n\n\n<p>\u201eNam zdawa\u0142a si\u0119 ta wiosenna rewolucja pe\u0142na nadziei, ca\u0142e, jak s\u0105dzili\u015bmy, imperium rozpadnie si\u0119 na niepodleg\u0142e kraje, a Polska w pierwszym rz\u0119dzie, powstanie w historycznych granicach \u2013 napisa\u0142a po latach Maria Czapska.<\/p>\n\n\n\n<p>Od lipca s\u0142u\u017cy\u0142 w 1. Pu\u0142ku U\u0142an\u00f3w Krechowieckich, kt\u00f3ry latem tego roku walczy\u0142 z wojskami pa\u0144stw centralnych w rejonie Stanis\u0142awowa, Tarnopola i Ka\u0142usza (Ukraina).<\/p>\n\n\n\n<p><strong>1918<\/strong><\/p>\n\n\n\n<p>22 stycznia w Bobrujsku, powodowany ideami pacyfistycznymi, wyst\u0105pi\u0142 \u00a0z wojska wraz z Antonim i Edwardem Marylskimi. Po paru dniach\u00a0 pobytu w Przy\u0142ukach wszyscy trzej wyjechali do Piotrogrodu. Wkr\u00f3tce do\u0142\u0105czy\u0142y do nich starsze siostry J\u00f3zefa Czapskiego, Karla i Maria i wsp\u00f3lnie za\u0142o\u017cyli religijno-pacyfistyczn\u0105 komun\u0119, kt\u00f3rej duchowym przyw\u00f3dc\u0105 staje si\u0119 Antoni Marylski.<\/p>\n\n\n\n<p>Ko\u0144cem maja dzi\u0119ki pomocy Henryka Przew\u0142ockiego uda\u0142o mu si\u0119 wyjecha\u0107 wraz z siostrami w kierunku Warszawy.<\/p>\n\n\n\n<p>28 sierpnia \u2013 4 pa\u017adziernika ostatni raz przebywa\u0142 w domu rodzinnym w Przy\u0142ukach.<\/p>\n\n\n\n<p>16 pa\u017adziernika &nbsp;w Warszawie &nbsp;zapisa\u0142 si\u0119 do &nbsp;Akademii Sztuk Pi\u0119knych, do pracowni Stanis\u0142awa Lentza. Ucz\u0119szcza\u0142 przez miesi\u0105c\u2026<\/p>\n\n\n\n<p>11 listopada po 123 latach nieobecno\u015bci na mapach politycznych Europy Polska odzyska\u0142a niepodleg\u0142o\u015b\u0107.<\/p>\n\n\n\n<p>\u201e[\u2026] zbrojne pogotowie Ukrai\u0144c\u00f3w, zagro\u017cenie Lwowa, zmobilizowa\u0142o m\u0142odzie\u017c [polsk\u0105 \u2013 ES]. T\u0142umny wiec akademicki uchwali\u0142 powszechny zaci\u0105g i zamkni\u0119cie wy\u017cszych uczelni\u201d\u00a0&#8211; pisa\u0142a Maria Czapska.<\/p>\n\n\n\n<p>\u201eCa\u0142a m\u0142odzie\u017c&nbsp; wst\u0119powa\u0142a do wojska, w Ma\u0142opolsce toczy\u0142y si\u0119 walki z Ukrai\u0144cami, a ja czu\u0142em si\u0119 zupe\u0142nie wyko\u0142owany, nie chc\u0105c, nie mog\u0105c z moimi przekonaniami i\u015b\u0107 do wojska, znalaz\u0142em si\u0119 jakby wy\u0142\u0105czony ze spo\u0142ecze\u0144stwa, wy\u0142\u0105czony z Polski. Zwr\u00f3ci\u0142em si\u0119 wi\u0119c do dow\u00f3dcy 1. Pu\u0142ku, [\u2026] prosz\u0105c, by mi zleci\u0142 jak\u0105kolwiek robot\u0119, bylebym nie musia\u0142 zabija\u0107. \u2013 wspomina\u0142 J\u00f3zef Czapski.<\/p>\n\n\n\n<p>Otrzyma\u0142 misj\u0119 odszukania 5 oficer\u00f3w polskich I Pu\u0142ku U\u0142an\u00f3w Krechowieckich i w &nbsp;listopadzie wyruszy\u0142 do Piotrogrodu. Poszukuj\u0105c wie\u015bci o zaginionych, pozna\u0142&nbsp; zupe\u0142nym przypadkiem &nbsp;Dmitrija S. Mere\u017ckowskiego, jego \u017con\u0119 Zinaid\u0119 Gippius i Dmitrija W. Fi\u0142osofowa, kt\u00f3rzy wyja\u015bnili mu, jak mo\u017cna i nale\u017cy pogodzi\u0107 idee pacyfistyczne ze walk\u0105 przeciwko wrogom. Relacje z nimi sta\u0142y si\u0119 na tyle bliskie, \u017ce odwiedza\u0142 ich zim\u0105 1918 roku prawie codziennie, na ul. Siergiejewskiej.<\/p>\n\n\n\n<p><strong>1919<\/strong><\/p>\n\n\n\n<p>22 stycznia powr\u00f3ci\u0142 do Warszawy\u00a0 i oznajmi\u0142 , \u017ce je\u0144cy polscy zostali rozstrzelani. Przebywa\u0142\u00a0tak\u017ce w Krakowie, gdzie pod wp\u0142ywem lektur Stanis\u0142awa Brzozowskiego, Cypriana Kamila Norwida odkrywa\u0142 w sobie fascynacj\u0119\u00a0 polsko\u015bci\u0105.<\/p>\n\n\n\n<p><strong>1920<\/strong><\/p>\n\n\n\n<p>Do maja s\u0142u\u017cy\u0142 w stopniu szeregowca w poci\u0105gu pancernym \u201e\u015amia\u0142y\u201d, dowodzonym przez braci Ma\u0142agowskich. Od maja&nbsp; walczy\u0142 w I Pu\u0142ku U\u0142an\u00f3w Krechowieckich, bior\u0105c udzia\u0142 w &nbsp;wyprawie kijowskiej przeciwko bolszewikom i zosta\u0142 odznaczony Krzy\u017cem Virtuti Militari, a tak\u017ce awansowa\u0142 do stopnia&nbsp; podporucznika.<\/p>\n\n\n\n<p>\u201eW ko\u0144cu 1920 roku, roku \u015bmiertelnego zagro\u017cenia kraju i jego wyzwolenia, kt\u00f3re nazywano cudem nad Wis\u0142\u0105, postanowili\u015bmy z bratem osi\u0105\u015b\u0107 w Krakowie, gdzie dziadek nasz zamieszka\u0142 na staro\u015b\u0107 i stworzy\u0142 muzeum swego imienia, gdzie babk\u0119 nasz\u0105 \u0142\u0105czy\u0142y&nbsp; wi\u0119zy serdeczno\u015bci z rodzinami Popiel\u00f3w, Morawskich i Pus\u0142owskich &nbsp;&#8211; Krak\u00f3w by\u0142 mi bli\u017cszy ni\u017c Warszawa\u201d \u2013 napisa\u0142a Maria Czapska. W ca\u0142ym kraju zjednoczonym otwiera\u0142y si\u0119 szko\u0142y, uniwersytety, akademie. Mogli\u015bmy wreszcie, po tylu zw\u0142okach, zabra\u0107 si\u0119 do naszych studi\u00f3w\u201d.<\/p>\n\n\n\n<p><strong>1921<\/strong><\/p>\n\n\n\n<p>W lutym &nbsp;zapisa\u0142 si\u0119 do Akademii Sztuk Pi\u0119knych w Krakowie i rozpocz\u0105\u0142 studia malarskie. Uczy\u0142 si\u0119 m.in. w pracowni W\u0142adys\u0142awa Jarockiego, Wojciecha Weissa i J\u00f3zefa Pankiewicza. Bardzo cz\u0119sto bywa\u0142 w Warszawie, widywa\u0142 si\u0119 z Dimitrijem Fi\u0142osofowem.<\/p>\n\n\n\n<p><strong>1923<\/strong><\/p>\n\n\n\n<p>Z kole\u017cankami i kolegami z Akademii Sztuk Pi\u0119knych za\u0142o\u017cy\u0142 grup\u0119 Komitet Paryski\u00a0(skr\u00f3t : KP, potocznie zwani Kapistami).<\/p>\n\n\n\n<p><strong>1924<\/strong><\/p>\n\n\n\n<p>Latem grupa \u00a0wyjecha\u0142a \u00a0do Pary\u017ca. Czapski do\u0142\u0105czy\u0142 do nich we wrze\u015bniu. Jako jedyny biegle w\u0142adaj\u0105cy j\u0119zykiem francuskim zajmowa\u0142 si\u0119 sprawami organizacyjnymi. Pomaga\u0142 znale\u017a\u0107 prac\u0119, nawi\u0105za\u0107 kontakty z francuskim \u015brodowiskiem. Prze\u017cywa\u0142 w\u00f3wczas okres zw\u0105tpienia w sw\u00f3j talent malarski. W Pary\u017cu towarzyszy\u0142a \u00a0mu siostra Maria, kt\u00f3ra pisa\u0142a swoj\u0105 prac\u0119 o Adamie Mickiewiczu. Dzi\u0119ki swojemu arystokratycznemu pochodzeniu nawi\u0105za\u0142 kontakty z\u00a0 Misi\u0105 Godebsk\u0105-Sert i Lily Pastr\u00e9. W ich w salonach, w kt\u00f3rych spotykali si\u0119 arty\u015bci skupiaj\u0105cy si\u0119 wok\u00f3\u0142 Balet\u00f3w Rosyjskich Siergieja Diagilewa pozna\u0142 Jeana Cocteau, Igora Strawi\u0144skiego, Maurice\u2019a Ravela, Nicolas Nabokov\u2019a,\u00a0 Pablo Picasso.\u00a0Bywa\u0142\u00a0u Jacques\u2019a Maritaine\u2019a w Meudon pod Pary\u017cem.<\/p>\n\n\n\n<p>Odkry\u0142 dla siebie malarstwo Bonnarda i Cezanne\u2019a.<\/p>\n\n\n\n<p><strong>1925<\/strong><\/p>\n\n\n\n<p>Pracowa\u0142 w Pary\u017cu rysuj\u0105c do paryskich \u017curnali m\u00f3d; okazjonalne uczestniczy\u0142 w zaj\u0119ciach w Acad\u00e9mie Colarossi i w Acad\u00e9mie Ranson. Pozna\u0142 w tym czasie Rogera Bissi\u00e8re`a. Z kapistami wyje\u017cd\u017cali na planery do La Ciotat\u00a0 Zorganizowali bal w Soci\u00e9t\u00e9 Nationale d`Horticulture de France przy rue de Grenelle, \u00a0na kt\u00f3rym obecni byli: Pierre Bonnard , Constantin Brancusi , Jean Cocteau, Misia Godebska-Sert.<\/p>\n\n\n\n<p><strong>1926<\/strong><\/p>\n\n\n\n<p>Zachorowa\u0142 na tyfus. Rekonwalescencj\u0119 odbywa\u0142 w Londynie u wuja, Aleksandra Meyendorffa. W tym czasie czyta\u0142 wnikliwie wydane dzie\u0142a Prousta i napisa\u0142 esej\u00a0 pt. Marceli Proust, wydrukowany w polskim Przegl\u0105dzie Wsp\u00f3\u0142czesnym rok 1928 nr 71. Zwiedza\u0142 muzea, w tym \u00a0National Gallery, gdzie g\u0142\u0119bokim malarskim prze\u017cyciem by\u0142 dla niego obraz <strong>Camille\u2019a Corota <em>Je\u017adziec w lesie<\/em><\/strong>.<\/p>\n\n\n\n<p>Po powrocie do Pary\u017ca dzi\u0119ki Danielowi Hal\u00e9vy nawi\u0105za\u0142 liczne kontakty w paryskich kr\u0119gach intelektualno-artystycznych. Pozna\u0142 w tym czasie Andr\u00e9 Malraux, Fran\u00e7ois Mauriaca, L\u00e9on-Paul Fargue\u2019a, Drieu de la Rochelle\u2019a, Maurice Sachs\u2019a, Paul Morand\u2019a, Julien Green\u2019a. Przeprowadzi\u0142 \u00a0wywiad z Andr\u00e9 Maurois i opublikowa\u0142 rozmow\u0119 w prasie polskiej.<\/p>\n\n\n\n<p><strong>1929<\/strong><\/p>\n\n\n\n<p>Pozna\u0142\u00a0Gertrud\u0119 Stein u malarza Louisa Marcoussisa. Potem bywa\u0142 w jej paryskiej pracowni-salonie, a w 1930 roku odwiedzi\u0142 j\u0105 na wsi. By\u0142a wtedy uwa\u017cana za \u201epapie\u017cyc\u0119 malarstwa\u201d. Kupi\u0142a obrazy kapist\u00f3w.<\/p>\n\n\n\n<p><strong>1930<\/strong><\/p>\n\n\n\n<p>Grupa Kapist\u00f3w po raz pierwszy wystawi\u0142a swoje prace we Francji, w Pary\u017cu, w Galerie Zak na Place St. Germain-des-Pr\u00e9s. Czapski pokaza\u0142 kilka swoich prac . Wystawie patronowa\u0142a Lily Pastr\u00e9.<\/p>\n\n\n\n<p>W maju i w czerwcu podr\u00f3\u017cowa\u0142 &nbsp;po Hiszpanii; szczeg\u00f3lnie silne wra\u017cenie wywar\u0142y na nim dzie\u0142a <strong>Francisco Goi w Muzeum Prado.<\/strong><\/p>\n\n\n\n<p>25 lipca w\u00a0Polsce, w Mordach, w \u00a0maj\u0105tku siostry Karli i jej m\u0119\u017ca Henryka Przew\u0142ockiego, <strong>umar\u0142 ojciec J\u00f3zefa Czapskiego, Jerzy<\/strong>.<\/p>\n\n\n\n<p>Na zaproszenie J\u00f3zefa Czapskiego do Polski przyby\u0142 Daniel Hal\u00e9vy. Efektem jego wizyty w Polsce i Europie \u015arodkowej by\u0142a ksi\u0105\u017cka pt. <em>Courrier d\u2019Europe<\/em> (Paris, Ed. Grasset 1933), kt\u00f3r\u0105 autor dedykowa\u0142 Czapskiemu.<\/p>\n\n\n\n<p><strong>1931<\/strong><\/p>\n\n\n\n<p>Grupa Kapist\u00f3w zorganizowa\u0142a wystaw\u0119 swoich prac w Genewie w Galerie Moss. Wi\u0119kszo\u015b\u0107 kapist\u00f3w powr\u00f3ci\u0142o po tej wystawie do Polski. Czapski pozosta\u0142 jeszcze we Francji, odwiedzaj\u0105c sporadycznie Polsk\u0119 (m.in. Krak\u00f3w, Warszaw\u0119).<\/p>\n\n\n\n<p>W grudniu w Polsce odby\u0142a si\u0119 wystawa kapist\u00f3w. W Warszawie, w Polskim Klubie Artystycznym&nbsp; \u201ePolonia\u201d Czapski pokaza\u0142 tak\u017ce swoje prace.<\/p>\n\n\n\n<p><strong>1932<\/strong><\/p>\n\n\n\n<p>Wystawa indywidualna w Galerie Vignon (17, rue Vignon) w Pary\u017cu.<\/p>\n\n\n\n<p>Wystawa indywidualna w Galerie Georges Maratier w Pary\u017cu przy finansowym wsparciu Gertrud Stein.<\/p>\n\n\n\n<p>Pod koniec roku postanowi\u0142 &nbsp;wr\u00f3ci\u0107 do Polski i na sta\u0142e zamieszka\u0107 w Warszawie. Najpierw przy ul. Filtrowej 83 \/ 9, w kolejnych latach w podwarszawskim J\u00f3zefowie.<\/p>\n\n\n\n<p>Pracowa\u0142 nad ksi\u0105\u017ck\u0105 o\u00a0Wasiliju \u00a0Rozanowie.<\/p>\n\n\n\n<p><strong>1934<\/strong><\/p>\n\n\n\n<p>Wystawa kapist\u00f3w w Instytucie Propagandy Sztuki w Warszawie. Czapski wystawi\u0142\u00a021 obraz\u00f3w. Po wernisa\u017cu pozna\u0142 Ludwika Heringa, z kt\u00f3rym przyja\u017ani\u0142 si\u0119 do ko\u0144ca \u017cycia Ludwika, do 4 grudnia 1984 roku.<\/p>\n\n\n\n<p><strong>1935<\/strong><\/p>\n\n\n\n<p>J\u00f3zef Czapski bra\u0142 udzia\u0142 w wystawie inauguracyjnej&nbsp; \u201eSalon 35\u201d w Poznaniu oraz w wystawie \u201eZwornika\u201d w Belgradzie. Prace pokazali tam tak\u017ce inni polscy malarze z grupy Kapi\u015bci, m.in. Jan Cybis, Zygmunt Waliszewski, Hanna Rudzka \u2013 Cybisowa, Kazimierz Mitera.<\/p>\n\n\n\n<p>Przebywa\u0142 w tym roku tak\u017ce w Pary\u017cu. Pracowa\u0142 nad ksi\u0105\u017ck\u0105 o J\u00f3zefie Pankiewiczu. Zwr\u00f3ci\u0142&nbsp; uwag\u0119 na wystaw\u0119 niemieckiego ekspresjonisty Maxa Beckmanna.<\/p>\n\n\n\n<p>W czasie \u201eprzechadzek\u201d po Luwrze wraz z Pankiewiczem pozna\u0142 m\u0142odego stypendyst\u0119 z Wilna, poet\u0119 Czes\u0142awa Mi\u0142osza, p\u00f3\u017aniejszego laureata Literackiej Nagrody Nobla (1980), z kt\u00f3rym potem po\u0142\u0105cz\u0105 go relacje w paryskiej Kulturze.<\/p>\n\n\n\n<p><strong>1936<\/strong><\/p>\n\n\n\n<p>Wystawa zbiorowa rysunk\u00f3w, w salach \u00a0Zwi\u0105zku Polskich Artyst\u00f3w Plastyk\u00f3w w Warszawie.<\/p>\n\n\n\n<p>W Instytucie Propagandy Sztuki w Warszawie &nbsp;wyg\u0142osi\u0142&nbsp; odczyt <em>O C\u00e9zannie i \u015bwiadomo\u015bci malarskiej<\/em>.<\/p>\n\n\n\n<p>Nak\u0142adem M. Arcta w Warszawie ukaza\u0142a si\u0119 jego pierwsza ksi\u0105\u017cka\u00a0\u201eJ\u00f3zef Pankiewicz. \u017bycie i dzie\u0142o. Wypowiedzi o sztuce\u201d.<\/p>\n\n\n\n<p><strong>1937<\/strong><\/p>\n\n\n\n<p>Otrzyma\u0142 nagrod\u0119 w czasie \u201eSalonu 35\u201d w Poznaniu<\/p>\n\n\n\n<p>Otrzyma\u0142 nagrod\u0119 w Salonie Malarskim w Instytucie Propagandy Sztuki w Warszawie<\/p>\n\n\n\n<p>W czasie Wielkiej \u015awiatowej Wystawy w Pary\u017cu otrzyma\u0142 br\u0105zowy medal za obraz \u201eSoir\u201d, namalowany w 1936 roku.<\/p>\n\n\n\n<p>Pokaza\u0142 swoje prace w Salonie Wiosennym w Pa\u0142acu Sztuki Towarzystwa Przyjaci\u00f3\u0142 Sztuk Pi\u0119knych we Lwowie.<\/p>\n\n\n\n<p><strong>1938<\/strong><\/p>\n\n\n\n<p>\u201eJ\u00f3zef Czapski ma zaszczyt prosi\u0107 J.W.P. o przybycie do Instytutu Propagandy Sztuki na otwarcie wystawy swoich prac, kt\u00f3re si\u0119 odb\u0119dzie w sobot\u0119, 26 marca o g. 13. Wystawa trwa\u0107 b\u0119dzie do 18 kwietnia 1938\u201d<\/p>\n\n\n\n<p>Udzia\u0142 w wystawach: w X Salonie Malarskim w Warszawie,\u00a0w wystawie Inauguracyjnej w Domu Zwi\u0105zku Polskich Artyst\u00f3w Plastyk\u00f3w w Krakowie, w Salonie 35 w Poznaniu i w Polskim Pawilonie na Mi\u0119dzynarodowej Wystawie Sztuki w Pittsburgu.<\/p>\n\n\n\n<p><strong>1939<\/strong><\/p>\n\n\n\n<p>Udzia\u0142 w wystawie \u201eMartwa natura w malarstwie polskim\u201d w Instytucie Propagandy Sztuki w Warszawie.<\/p>\n\n\n\n<p>Obraz&nbsp; <em>Go\u0142\u0119bnik<\/em> (namalowany w 1938 roku) &nbsp;zosta\u0142 wyeksponowany na Wystawie \u015awiatowej w Nowym Jorku w Pawilonie Polski. Obraz nie wr\u00f3ci\u0142 do kraju z powodu wybuchu II wojny \u015bwiatowej. Obecnie znajduje si\u0119 w zbiorach Muzeum Polskiego w Chicago<\/p>\n\n\n\n<p>W okresie od 1934 -1939 roku J\u00f3zef Czapski bra\u0142 czynny udzia\u0142 w polskim \u017cyciu artystycznym i intelektualny. By\u0142 &nbsp;zwi\u0105zany ze \u015brodowiskiem Instytutu Propagandy Sztuki w Warszawie oraz publikowa\u0142 w miesi\u0119czniku \u201eG\u0142os Plastyk\u00f3w\u201d i tygodniku \u201eWiadomo\u015bci Literackie\u201d.<\/p>\n\n\n\n<p>Spotyka\u0142 si\u0119 w nieformalnym klubie dyskusyjnym \u201eDomik w Ko\u0142omnie\u201d z grup\u0105 emigrant\u00f3w rosyjskich. Tam te\u017c spotka\u0142 po raz pierwszy Jerzego Giedroycia, w\u00f3wczas redaktora \u201eBuntu M\u0142odych\u201d, z kt\u00f3rym w 1946 roku we Francji b\u0119dzie wsp\u00f3\u0142tworzy\u0142 &nbsp;emigracyjne Wydawnictwo Instytut Literacki.<\/p>\n\n\n\n<p>Malowa\u0142, pisa\u0142 i wystawia\u0142 prace wraz z grup\u0105 Kapist\u00f3w. W latach 1931 -1939 \u2013 jak poda\u0142 Janusz Nowak, J\u00f3zef Czapski namalowa\u0142 oko\u0142o <strong>160 <\/strong>udokumentowanych obraz\u00f3w. Wi\u0119kszo\u015b\u0107 zagin\u0119\u0142a w czasie II wojny \u015bwiatowej w Warszawie.<\/p>\n\n\n\n<p><strong>Wybuch II wojny \u015bwiatowej<\/strong><\/p>\n\n\n\n<p><strong>1939<\/strong><\/p>\n\n\n\n<p>1 wrze\u015bnia jako oficer rezerwy zosta\u0142&nbsp; zmobilizowany i uda\u0142 si\u0119 do Krakowa, do 8 Pu\u0142ku U\u0142an\u00f3w.<\/p>\n\n\n\n<p>27 wrze\u015bnia w Chmielku, na granicy &nbsp;wojew\u00f3dztwa lwowskiego zosta\u0142 wraz z dwoma szwadronami rezerwowymi 8 Pu\u0142ku wzi\u0119ty do niewoli przez Armi\u0119 Czerwon\u0105 i osadzony w obozie sowieckim w Starobielsku.<\/p>\n\n\n\n<p><strong>1940<\/strong><\/p>\n\n\n\n<blockquote class=\"wp-block-quote is-layout-flow wp-block-quote-is-layout-flow\"><p>W obozie Starobielsk w chwili roz\u0142adowania 5 kwietnia by\u0142o 3920 oficer\u00f3w wraz z kilkudziesi\u0119cioma wi\u0119\u017aniami cywilnymi i oko\u0142o 30 podchor\u0105\u017cych i chor\u0105\u017cych. Uratowa\u0142o si\u0119 spo\u015br\u00f3d nich 79. Jestem jednym z nich. Ca\u0142a reszta zgin\u0119\u0142a bez \u015bladu\u201d (<em>Wspomnienia starobielskie<\/em>).<\/p><\/blockquote>\n\n\n\n<p>12 maja opu\u015bci\u0142 Starobielsk. 395 je\u0144c\u00f3w NKWD przetransportowa\u0142o do Juchnowa (Pawliszczew Bor). Tam nadano im numery. <strong>Czapski otrzyma\u0142 205<\/strong>. Potem wywieziono ich do Griazowca pod Wo\u0142g\u0105. W obozie w Griazowcu Czapski prowadzi\u0142 dla wsp\u00f3\u0142wi\u0119\u017ani\u00f3w &#8211; &nbsp;w ramach lekcji j\u0119zyka francuskiego &#8211; wyk\u0142ady o literaturze francuskiej i malarstwie. Dzi\u0119ki zapiskom swoich koleg\u00f3w m\u00f3g\u0142 po latach odtworzy\u0107 wyk\u0142ady o Marcelu Prou\u015bcie. Zosta\u0142y wydane jako: \u201eProust contre la d\u00e9ch\u00e9ance. Conf\u00e9rences au camp de Griazowietz\u201d.<\/p>\n\n\n\n<p><strong>1941<\/strong><\/p>\n\n\n\n<p>30 lipca 1941 roku w Londynie premier gen. W\u0142adys\u0142aw Sikorski podpisa\u0142 z ambasadorem ZSRS Iwanem Majskim polsko-sowiecki uk\u0142ad o wznowieniu stosunk\u00f3w dyplomatycznych, wsp\u00f3\u0142pracy na rzecz pokonania Niemiec oraz powstania polskiej armii w ZSRS. Dodatkowy protok\u00f3\u0142 przewidywa\u0142 zwolnienie z wi\u0119zie\u0144 i \u0142agr\u00f3w obywateli polskich.<\/p>\n\n\n\n<p>Czapski do sierpnia&nbsp; przebywa\u0142 w obozie w Griazowcu.<\/p>\n\n\n\n<p>Po zwolnieniu \u00a0z obozu\u00a03 wrze\u015bnia \u00a0wst\u0105pi\u0142 do formuj\u0105cych si\u0119 \u00a0w Tocku Polskich Si\u0142 Zbrojnych w ZSRR.<\/p>\n\n\n\n<p>Na pytanie zadane mu w wywiadzie w 1943 roku o to, jakie by\u0142y kryteria wyboru ocalonych je\u0144c\u00f3w, Czapski powiedzia\u0142:<\/p>\n\n\n\n<p>\u201ePo naszym wyje\u017adzie prawie nikt ju\u017c nie pozosta\u0142 w Starobielsku. Nasza grupa sk\u0142ada\u0142a si\u0119 ona z kilkunastu oficer\u00f3w. Nasuwa si\u0119 pytanie, na podstawie jakiego kryterium zostali oni wybrani. Zastanawia\u0142em si\u0119 cz\u0119sto nad tym pytaniem i przyszed\u0142em do przekonania, \u017ce nie by\u0142o \u017cadnej wyra\u017anej podstawy politycznej czy innej, aby uratowa\u0107 \u017cycie 70\u00a0oficerom, kt\u00f3rych ze Starobielska przewieziono do Griazowca. Jedynym kryterium by\u0142a tu zupe\u0142na dowolno\u015b\u0107, kt\u00f3ra robi wra\u017cenie przypadku. By\u0142a tam ca\u0142a gama stopni i przekona\u0144, od genera\u0142a Wo\u0142kowickiego do szeregowca, od ludzi, kt\u00f3rzy zrobili sobie \u201ekrasny ugo\u0142ok\u201d do skrajnych zwolennik\u00f3w ONR\u201d.<\/p>\n\n\n\n<p>Dzisiaj wiemy z dokument\u00f3w przytoczonych przez Czes\u0142awa Madajczyka, \u017ce 30 stycznia 1940 roku do radcy ambasady niemieckiej w Rzymie \u2013 barona Johanna von Plessena, zwr\u00f3ci\u0142 si\u0119 hrabia Ferdynand de Castel z pro\u015bb\u0105 o pomoc w wydostaniu z niewoli polskiego hrabiego J\u00f3zefa Czapskiego. W tej samej sprawie pisa\u0142 do barona von Plessen, ksi\u0105\u017c\u0119 Bismark. Baron w swoim li\u015bcie poinformowa\u0142, \u017ce o Czapskim pisa\u0142a do niego hrabina Palacka, lecz wyst\u0105pienia w\u0142adz dyplomatycznych Niemiec nie przynios\u0105 oczekiwanych rezultat\u00f3w, gdy\u017c&nbsp; \u201ew\u0142adze radzieckie wykazuj\u0105 szczeg\u00f3ln\u0105 pow\u015bci\u0105gliwo\u015b\u0107 w sprawach je\u0144c\u00f3w wojennych\u201d.<\/p>\n\n\n\n<p>Uratowanie autora \u201eWspomnie\u0144 starobielskich\u201d &nbsp;nie by\u0142o cudem i opr\u00f3cz wy\u017cej wymienionych wp\u0142ywowych osobisto\u015bci z Europy Zachodniej, interweniowali jeszcze ksi\u0105\u017c\u0119 Stanis\u0142aw Radziwi\u0142\u0142 i ksi\u0105\u017c\u0119 Eugeniusz Lubomirski. Sam Czapski \u017cy\u0142 przez lata w przekonaniu, \u017ce jego ocalenie by\u0142o przypadkiem. Dopiero list Natalii Lebiediewej z dnia 22 pa\u017adziernika 1990 roku, w kt\u00f3rym informowa\u0142a go o interwencji ambasady niemieckiej, sprawi\u0142, \u017ce pozna\u0142 prawd\u0119 o swoich losach.<\/p>\n\n\n\n<p>W listopadzie zosta\u0142&nbsp; mianowany kierownikiem Biura Poszukiwa\u0144 Zaginionych w Rosji oficer\u00f3w i \u017co\u0142nierzy przy sztabie Armii w Buzu\u0142uku. Zadaniem biura by\u0142o spisywanie informacji od przybywaj\u0105cych je\u0144c\u00f3w celem ustalenia tak\u017ce miejsca pobytu zaginionych os\u00f3b.<\/p>\n\n\n\n<p><strong>1942<\/strong><\/p>\n\n\n\n<p><strong>Mianowany przez genera\u0142a W\u0142adys\u0142awa Andersa \u2013 dow\u00f3dc\u0119 &nbsp;Polskich Si\u0142 Zbrojnych w ZSRR pe\u0142nomocnikiem do spraw \u201eniezwr\u00f3conych jeszcze je\u0144c\u00f3w\u201d Czapski przebywa\u0142 w Czka\u0142owie, Moskwie, Kujbyszewie, &nbsp;by uzyska\u0107 informacje, co sta\u0142o si\u0119 z ponad 21 tysi\u0105cami zaginionych je\u0144c\u00f3w polskich.<\/strong> W Czka\u0142owie rozmawia\u0142 z szefem Gu\u0142agu gen. Nasiedkinem. Z\u0142o\u017cy\u0142 tak\u017ce na \u0141ubiance gen. Reichmanowi, kt\u00f3rego prze\u0142o\u017conym by\u0142 Beria, &nbsp;memoria\u0142 o zaginionych.&nbsp; Nie uzyska\u0142 \u017cadnych informacji.<\/p>\n\n\n\n<p>Po powrocie przed\u0142o\u017cy\u0142 dow\u00f3dcom Ko\u0144cowy raport o zaginionych oficerach polskich w ZSRR. Informuj\u0105cy, \u017ce nie s\u0105 znane losy je\u0144c\u00f3w, ale trafi\u0142 na trop zbrodni katy\u0144skiej podejrzewaj\u0105c, \u017ce to w\u0142adze sowieckie zg\u0142adzi\u0142y je\u0144c\u00f3w. Sam jednak w to nie wierzy\u0142.<\/p>\n\n\n\n<p>Od marca przebywa\u0142 w Jangi Jul pod Taszkientem.<\/p>\n\n\n\n<p>W kwietniu zosta\u0142 &nbsp;mianowany szefem Wydzia\u0142u Propagandy i Informacji przy Sztabie Armii Polskiej.<\/p>\n\n\n\n<p>W czerwcu spotyka\u0142 w Taszkiencie &nbsp;Ann\u0119 Achmatow\u0105 i Lidi\u0119 Czukowsk\u0105. W \u015blad za ewakuowan\u0105 do Iraku Armi\u0105 Andersa, jako jeden z ostatnich opu\u015bci\u0142 &nbsp;Zwi\u0105zek Sowiecki i 3 wrze\u015bnia dotar\u0142 do &nbsp;Mesched w Iranie. Gdy zachorowa\u0142, w szpitalu w Meschedzie zacz\u0105\u0142 &nbsp;pisa\u0107 ksi\u0105\u017ck\u0119, wspomnienia z czas\u00f3w niewoli sowieckiej&nbsp;&nbsp; wydan\u0105 jako \u201eWspomnienia Starobielskiej\u201d i potem \u201eNa nieludzkiej ziemi\u201d.<\/p>\n\n\n\n<p><strong>1943<\/strong><\/p>\n\n\n\n<p>15 lutego w Sali Instytutu Brytyjskiego w Bagdadzie zosta\u0142a otwarta wystawa Artyst\u00f3w Plastyk\u00f3w Polskich \u017bo\u0142nierzy. Czapski pokaza\u0142 kilka obraz\u00f3w.<\/p>\n\n\n\n<p>13 kwietnia 1943 roku &#8211; komunikat radia niemieckiego o odkryciu grob\u00f3w je\u0144c\u00f3w polskich\u00a0 w Katyniu.<\/p>\n\n\n\n<p>W wywiadzie opublikowanym w 1943 roku na pytanie, jakie s\u0105 jego wnioski z poszukiwa\u0144 je\u0144c\u00f3w oraz co s\u0105dzi o wydanym komunikacie stwierdzi\u0142:<\/p>\n\n\n\n<p><strong>\u201e<\/strong>Wszelkie produkty niemieckiej propagandy przyjmowa\u0107 musimy ze zrozumia\u0142\u0105 ostro\u017cno\u015bci\u0105. Jednak\u017ce szczeg\u00f3\u0142owo\u015b\u0107 informacji, zgoda w\u0142adz niemieckich na zbadanie sprawy przez delegacj\u0119 Mi\u0119dzynarodowego Czerwonego Krzy\u017ca, og\u00f3lnikowe zaprzeczenie sowieckie, a przede wszystkim brak wie\u015bci o zaginionych przez ca\u0142e trzy lata nie pozwalaj\u0105 na optymizm. Z ostatecznym s\u0105dem wypada zaczeka\u0107 na wyniki prac wspomnianej komisji Czerwonego Krzy\u017ca. W ka\u017cdym razie nie mog\u0105 one s\u0142u\u017cy\u0107 za usprawiedliwienie terroru niemieckiego, tak samo, jak&nbsp; barbarzy\u0144stwa niemieckie nie mog\u0105 \u0142agodzi\u0107 naszego s\u0105du o tragedii kozielsko-starobielskiej-ostaszkowskiej.\u201d<\/p>\n\n\n\n<p>Z Armi\u0105 Andersa przemierza\u0142 &nbsp;szlak przez Irak, Palestyn\u0119, Syri\u0119, Liban, Egipt \u2013 do W\u0142och.<\/p>\n\n\n\n<p><strong>1944<\/strong><\/p>\n\n\n\n<p>Bra\u0142 udzia\u0142 w kampanii w\u0142oskiej, Jednak nie walczy\u0142 z broni\u0105 w r\u0119ku Sprawowa\u0142 funkcj\u0119 szefa (w stopniu majora) Wydzia\u0142u Propagandy i Kultury (do sierpnia 1944 roku), kt\u00f3ry to wydzia\u0142 zajmowa\u0142 si\u0119 zagadnieniami o\u015bwiaty i kultury w\u015br\u00f3d \u017co\u0142nierzy.<\/p>\n\n\n\n<p>W Rzymie ukaza\u0142y si\u0119 nak\u0142adem Biblioteki Or\u0142a Bia\u0142ego (wydawanej przez Armi\u0119 gen. W\u0142adys\u0142awa Andersa) &nbsp;<strong>Wspomnienia starobielskie<\/strong> \u2013relacja z pobytu w radzieckim obozie jenieckim i misji wyja\u015bnienia u&nbsp; w\u0142adz radzieckich los\u00f3w polskich \u017co\u0142nierzy.<\/p>\n\n\n\n<p>5 pa\u017adziernika og\u0142osi\u0142 &nbsp;list otwarty (licz\u0105cy ponad 15 stron) do Jacques\u2019a Maritaine\u2019a (w\u00f3wczas ambasadora gen. de Gaulle\u2019a przy Watykanie) i Fran\u00e7ois Mauriaca protestuj\u0105cy przeciwko zak\u0142amywaniu w propagandzie aliant\u00f3w, tego co dzieje si\u0119 w powsta\u0144czej Warszawie niszczonej przez Niemc\u00f3w.<\/p>\n\n\n\n<p>List rozpocz\u0105\u0142:<\/p>\n\n\n\n<p>\u201eMia\u0142em szcz\u0119\u015bcie zna\u0107 Was w okresie moich studi\u00f3w w Pary\u017cu.<\/p>\n\n\n\n<p>Podziwia\u0142em Wasz\u0105 prawo\u015b\u0107 my\u015blicieli, pisarzy, Wasz\u0105 odwag\u0119. Dla mnie, obcokrajowca, nie byli\u015bcie tylko Maritain czy Mauriac, byli\u015bcie Francj\u0105, tradycj\u0105 prawo\u015bci intelektualnej, atmosfer\u0105, kt\u00f3r\u0105 si\u0119 odczuwa\u0142o u pisarzy francuskich od konserwatyst\u00f3w do rewolucjonist\u00f3w (oczywi\u015bcie z wyj\u0105tkami)\u201d.<\/p>\n\n\n\n<p>[\u2026]<\/p>\n\n\n\n<p>\u201eIstnieje propaganda, kt\u00f3ra od czasu utworzenia w 1939 roku paktu Ribbentrop-Mo\u0142otow, wyspecjalizowa\u0142a si\u0119 w metodzie rozpowszechniania tez nierzeczywistych oraz inna, zbie\u017cna, kt\u00f3ra odnios\u0142a sukces we wsp\u00f3\u0142czesnych krajach demokratycznych, polegaj\u0105ca na nie zwracaniu uwagi na niewygodne fakty. Ale czy w tym kraju jest osoba, kt\u00f3ra chcia\u0142aby odkry\u0107 prawd\u0119, pozna\u0107 warto\u015b\u0107 i cierpienie kraju, nawet, je\u015bli nie jest w stanie mu pom\u00f3c?\u201d<\/p>\n\n\n\n<p>Nie otrzyma\u0142 odpowiedzi.<\/p>\n\n\n\n<p><strong>1945<\/strong><\/p>\n\n\n\n<p>Od marca 1945 kierowa\u0142 &nbsp;plac\u00f3wk\u0105 Drugiego Korpusu mieszcz\u0105c\u0105 si\u0119 pocz\u0105tkowo w budynku Ambasady RP u ambasadora Kajetana Morawskiego, &nbsp;a potem w H\u00f4tel Lambert w Pary\u017cu.<\/p>\n\n\n\n<p>12 maja opublikowa\u0142 w <em>Gavroche<\/em> artyku\u0142 \u201ePrawda o Katyniu\u201d.<\/p>\n\n\n\n<p>Spotka\u0142 si\u0119 w czerwcu, w Rzymie z Jacques`em Maritainem ambasadorem Francji przy Watykanie, w Pary\u017cu\u00a0z Andr\u00e9 Malraux oraz Gertrud Stein.<\/p>\n\n\n\n<p><strong>1946<\/strong><\/p>\n\n\n\n<p>W Rzymie wraz z Jerzy Giedroyciem przy wsparciu wojskowego funduszu powsta\u0142 Instytut Literacki, kt\u00f3ry jako wydawnictwo publikowa\u0142 w\u00f3wczas ksi\u0105\u017cki polskie.<\/p>\n\n\n\n<p>Zamieszka\u0142 na sta\u0142e w Pary\u017cu. Publikowa\u0142 artyku\u0142y w emigracyjnym pi\u015bmie \u201eKultura\u201d oraz w \u201eLe Figaro Litt\u00e9raire\u201d \u201ePrevues\u201d, \u201eGavroche\u201d, \u201eNova et Vetera\u201d, \u201eCarrefour\u201d oraz w \u201eWiadomo\u015bciach\u201d&nbsp; wydawanych przez emigracj\u0119 polsk\u0105 w Londynie.<\/p>\n\n\n\n<p>Powr\u00f3ci\u0142 do malowania. Na wystawie Towarzystwa Przyjaci\u00f3\u0142 Sztuki (organizacji irackich artyst\u00f3w) w Bagdadzie eksponowane s\u0105 jego obrazy namalowana w czasie pobytu w Iraku.<\/p>\n\n\n\n<p><strong>1947<\/strong><\/p>\n\n\n\n<p>W czerwcu ukaza\u0142 si\u0119 w Rzymie pierwszy numer miesi\u0119cznika \u201eKultura\u201d, kt\u00f3rego wydawc\u0105 by\u0142 Instytut Literacki. Pomys\u0142odawc\u0105 by\u0142 Gustaw Herling- Grudzi\u0144ski, kt\u00f3ry wraz z Jerzym Giedroyciem i przy du\u017cym udziale J\u00f3zefa Czapskiego pracowa\u0142 nad jego kszta\u0142tem. Tu Czapski zamie\u015bci\u0142 &nbsp;szkic napisany po \u015bmierci Pierre\u2019a &nbsp;Bonnarda (zm. 23 stycznia 1947): \u201eCzu\u0142em \u015bwiat Bonnarda tak blisko ca\u0142ej mojej epoki przedwojennej, gdzie \u017cy\u0142em zanurzony w malarstwie, \u017ce &nbsp;ca\u0142y artyku\u0142 nazwa\u0142em Raj utracony, bo sam w\u00f3wczas nie wiedzia\u0142em, jak w \u015bwiat malarski powr\u00f3ci\u0107 i czy powr\u00f3ci\u0107 potrafi\u0119\u201d.<\/p>\n\n\n\n<p>Od jesieni zamieszka\u0142 z siostr\u0105 Mari\u0105 i przyby\u0142ym z W\u0142och zespo\u0142em \u201eKultury\u201d (Jerzym &nbsp;Giedroyciem, Zofi\u0105 i Zygmuntem Hertzami) w Maisons-Laffitte pod Pary\u017cem, w wynaj\u0119tym domu przy &nbsp;1 Avenue Corneille, w kt\u00f3rym mie\u015bci\u0142y si\u0119 te\u017c biura wydawnictwa Instytutu Literackiego.<\/p>\n\n\n\n<p>&nbsp;\u201eL\u2019Humanit\u00e9\u201d, pismo francuskich komunist\u00f3w we wrze\u015bniu 1947 otwarcie nazwa\u0142o &nbsp;Czapskiego i Giedroycia \u201ebandytami i faszystami z armii Andersa\u201d.<\/p>\n\n\n\n<p>W pa\u017adzierniku w Calais zosta\u0142 zdemobilizowany.<\/p>\n\n\n\n<p>Gdy tylko m\u00f3g\u0142 \u2013 rysowa\u0142 w swoim szkicowniku. Powsta\u0142 w\u00f3wczas szkic rysunkowy&nbsp; portret Edith Piaf w jednej z kawiarni paryskich. Bra\u0142 udzia\u0142 w wiecu gen. Charlesa de Gaulle`a w St. Etienne i wielokrotnie spotyka\u0142 si\u0119 z jego sekretarzem, Andr\u00e9 Malraux .<\/p>\n\n\n\n<p><strong>1948<\/strong><\/p>\n\n\n\n<p>&nbsp;W styczniu spotka\u0142 si\u0119 z Charlesem de Gaulle\u2019em, za\u015b w maju z Albertem Camus.<\/p>\n\n\n\n<p>Spotyka\u0142 si\u0119 z Misi\u0105 Sert, Lilly Pastr\u00e9 i Dolly Radziwi\u0142\u0142. To tak\u017ce pocz\u0105tek osobistej znajomo\u015bci z Fran\u00e7ois Mauriac\u2019em oraz z Philippe\u2019m Ari\u00e8sem &#8211; &nbsp;francuskim intelektualist\u0105 i historykiem \u015bredniowiecza.<\/p>\n\n\n\n<p>Pozna\u0142 21 letniego malarza Jeana Colin, z kt\u00f3rym pozosta\u0142 w przyja\u017ani a\u017c do jego \u015bmierci w roku 1959.<\/p>\n\n\n\n<p>W czasie wojny uleg\u0142y zniszczeniu obrazy, kt\u00f3re malowa\u0142 w Warszawie. Po raz pierwszy od 1939 roku wzi\u0105\u0142 do r\u0119ki farby olejne i zacz\u0105\u0142 wraca\u0107 do malarstwa, nie zaniedbuj\u0105c obowi\u0105zk\u00f3w zwi\u0105zanych z poszukiwaniem finans\u00f3w dla wydawnictwa Instytut Literacki i pisaniem &nbsp;artyku\u0142\u00f3w do \u201eKultury\u201d. Aktywnie uczestniczy\u0142 do roku 1957 w pracach redakcji.<\/p>\n\n\n\n<p>W tym czasie nawi\u0105za\u0142 nowe znajomo\u015bci:&nbsp; Jeanne Hersch, Philippe Ari\u00e8s, E.M. Cioran, Michel de Ghelderode, Man\u00e8s Speber, Mary McCarthy, Georges Bernanos.<\/p>\n\n\n\n<p><strong>1949<\/strong><\/p>\n\n\n\n<p>Instytut Literacki w Pary\u017cu wyda\u0142 ksi\u0105\u017ck\u0119 <em>Na nieludzkiej ziemi<\/em>. &nbsp;<strong>Wydawnictwo&nbsp; Calman-Levy odrzuci\u0142o propozycj\u0119 opublikowania jej w j\u0119zyku francuskim argumentuj\u0105c, \u017ce za du\u017co z\u0142ych rzeczy jest napisane o Stalinie i Rosji. <\/strong>Zaproponowano Czapskiemu, by zrobi\u0142 korekty. Nie zgodzi\u0142 si\u0119. W tym samym roku ukaza\u0142a &nbsp;si\u0119 jej wersja francuska w przek\u0142adzie Marii Adeli Bohomolec i autora, wst\u0119p Daniela Hal\u00e9vy w niewielkim wydawnictwie (Les \u00celes d\u2019Or-\u00c9ditions Self, &nbsp;Pary\u017c). W \u201eLe Monde\u201d ukaza\u0142a si\u0119 recenzja napisana &nbsp;przez Pierre Boutanga.<\/p>\n\n\n\n<p>Pocz\u0105tek osobistej znajomo\u015bci z dyplomat\u0105 francuskim Jean Laloy.<\/p>\n\n\n\n<p>Po raz pierwszy po wojnie pokaza\u0142 swoje prace na wystawie w Pary\u017cu. Tak relacjonowa\u0142 ten fakt swojemu przyjacielowi Ludwikowi Heringowi:<\/p>\n\n\n\n<p>\u201eTu mi urz\u0105dzi\u0142 ma\u0142\u0105 wystawk\u0119&nbsp; wydawca najlepszy Degasa [ Daniel Hal\u00e9vy \u2013 przypis autorki]&nbsp; &#8211; 8 p\u0142\u00f3cien na trzech \u015bcianach, a na czwartej <strong>Berthe Morisot<\/strong> \u2013 urocze notatki o\u0142\u00f3wkiem, wi\u0119c dobre towarzystwo.<\/p>\n\n\n\n<p><strong>1950<\/strong><\/p>\n\n\n\n<p>Podr\u00f3\u017cowa\u0142 &nbsp;do Ameryki P\u00f3\u0142nocnej . W Nowym Jorku wyg\u0142osi\u0142 seri\u0119 odczyt\u00f3w o zbrodni katy\u0144skiej i zbiera\u0142 pieni\u0105dze &nbsp;na rzecz Kultury, czasopisma wydawanego we Francji przez ich wydawnictwo Instytut Literacki. .<\/p>\n\n\n\n<p>Na zaproszenie <strong>Jamesa Burnhama <\/strong>wraz z Jerzym Giedroyciem wzi\u0105\u0142 udzia\u0142 w konferencji za\u0142o\u017cycielskiej Kongresu Wolno\u015bci Kultury w Berlinie.<\/p>\n\n\n\n<p>W Pary\u017cu uczestniczy\u0142 &nbsp;jako \u015bwiadek w &nbsp;procesie s\u0105dowym gazety \u201eLes Lettres Fran\u00e7aises\u201d przeciwko Davidowi Roussetowi.<\/p>\n\n\n\n<p>Pocz\u0105tek osobistej znajomo\u015bci z Fran\u00e7ois Bondy\u2019m pisarzem i dziennikarzem francuskim, sekretarzem Kongresu Wolno\u015bci Kultury.<\/p>\n\n\n\n<p><strong>1951<\/strong><\/p>\n\n\n\n<p>Pierwsza indywidualna powojenna wystawa w Galerie Motte w Genewie.<\/p>\n\n\n\n<p><strong>1952<\/strong><\/p>\n\n\n\n<p>Wystawa w Galerie B\u00e9n\u00e9zit w Pary\u017cu.<\/p>\n\n\n\n<p>Wsp\u00f3lna wystawa z Jean Colin tak\u017ce w Pary\u017cu.<\/p>\n\n\n\n<p>Przed komisj\u0105 Maddena zeznawa\u0142 w sprawie zamordowanych je\u0144c\u00f3w polskich wi\u0119zionych w sowieckich obozach, &nbsp;na pytanie: Kto w Pana opinii pope\u0142ni\u0142 te morderstwa na je\u0144cach z oboz\u00f3w Starobielski, Kozielsk, Ostaszk\u00f3w?, odpowiedzia\u0142: <strong>\u201ePo pierwsze, nie mam \u017cadnej w\u0105tpliwo\u015bci, \u017ce zamordowani zostali ci ludzie przez Sowiety. Drugi punkt, musz\u0119 powiedzie\u0107, \u017ce zapominamy i\u017c Rosja Sowiecka jest pa\u0144stwem najbardziej zcentralizowanym (jako rozkazodawstwo). I dlatego za morderstwo nie jest odpowiedzialny jaki\u015b sadysta enkawudysta, ale odpowiedzialny jest Baria i Stalin\u201d.<\/strong><\/p>\n\n\n\n<p>Amerykanie przes\u0142uchali przed komisj\u0105, kt\u00f3r\u0105 kierowa\u0142 Ray Madden wielu wa\u017cnych polityk\u00f3w i pracownik\u00f3w wywiadu, a tak\u017ce m.in. ekspert\u00f3w, kt\u00f3rzy brali udzia\u0142 w pracach ekshumacyjnych w Katyniu, gdy Niemcy w 1943 roku odkryli cia\u0142a tysi\u0119cy Polak\u00f3w. W\u015br\u00f3d os\u00f3b zeznaj\u0105cych przed komisj\u0105, opr\u00f3cz J\u00f3zefa Czapskiego byli premier Stanis\u0142aw Miko\u0142ajczyk i Tadeusz Romer, by\u0142y polski ambasador w ZSRS.<\/p>\n\n\n\n<p><strong>1953<\/strong><\/p>\n\n\n\n<p>5 marca &#8211; umar\u0142 Stalin.<\/p>\n\n\n\n<p>Czapski powr\u00f3ci\u0142 na dobre do malowania. W li\u015bcie do Ludwika Heringa czytamy: \u201eNie malowa\u0142em od czasu powrotu do pracy tak du\u017co. [\u2026] I tak ju\u017c si\u0119 dzieje, \u017ce jak pracuj\u0119 to \u2026 ca\u0142y dzie\u0144 \u2013wprost nie ma miejsca na nic [\u2026]. Wiek i ci\u0105gle jeszcze&nbsp; i jeszcze d\u0142ubi\u0119 w p\u0142\u00f3tnie\u201d.<\/p>\n\n\n\n<p>Gdy nie malowa\u0142, pisa\u0142 \u201e z palet\u0105 w r\u0119ku\u201d i &nbsp;je\u017adzi\u0142 do Londynu, Brukseli, by za\u0142atwia\u0107 wystawy. Planowa\u0142 wystaw\u0119 w Londynie, ale nie uda\u0142o si\u0119&nbsp; jej zorganizowa\u0107.<\/p>\n\n\n\n<p>Opublikowa\u0142 m.in. artyku\u0142 o malarstwie Raoula Dufy, wspomnienie o Remizowie, przet\u0142umaczy\u0142 z j\u0119zyka francuskiego tekst Jeana Colin o wystawie rysunk\u00f3w szk\u00f3\u0142 niemieckich z XV i XVI wieku w Luwrze.<\/p>\n\n\n\n<p><strong>1954<\/strong><\/p>\n\n\n\n<p>Dzi\u0119ki wsparciu znajomych J\u00f3zefa Czapskiego (dyplomat\u00f3w francuskich, arystokrat\u00f3w)&nbsp; i pomocy prawnej dyplomat\u00f3w francuskich&nbsp; wydawnictwo Instytut Literacki zakupi\u0142o dom na granicy miasteczek Maisons-Laffitte a w Mesnil-le-Roi pod adresm: 91, av. Poissy (w Mesnil-le-Roi). Dom sta\u0142 si\u0119 siedzib\u0105 redakcji polskiego emigracyjnego &nbsp;czasopisma \u201eKultura\u201d i wydawnictwa Instytutu Literackiego. Dom sta\u0142 si\u0119 miejscem zamieszkania: dla J\u00f3zefa Czapskiego, jego siostry Marii Czapskiej oraz Jerzego Giedroycia, Henryka Giedroycia,&nbsp; Zofii i Zygmunta Hertz\u00f3w.<\/p>\n\n\n\n<p>Pierwsza wystawa indywidualna prac Czapskiego w Galerie M. B\u00e9n\u00e9zit w Pary\u017cu.<\/p>\n\n\n\n<p>W li\u015bcie do Ludwika Heringa: \u201e Zamkn\u0105\u0142em wystaw\u0119 z rezultatem dobrym. By\u0142o 20 p\u0142\u00f3cien, 70 rysunk\u00f3w. Pierwsza po wojnie wystawa. Prasa paryska zauwa\u017cy\u0142a, \u017ce jestem malarzem \u201etragedii naszych czas\u00f3w\u201d, cho\u0107 moi \u201e\u015blepi\u201d i \u017cebracy s\u0105 ze wszystkich czas\u00f3w , w innym pi\u015bmie wi\u0105\u017c\u0105 mnie z Soutine\u2019em i \u017ce umiem m\u00f3wi\u0107 rzeczy istotne o rzeczach najpowszedniejszych \u201epuste krzes\u0142a\u201d, \u201epuste okno\u201d.<\/p>\n\n\n\n<p><strong>1955<\/strong><\/p>\n\n\n\n<p>Wystawa w Palais des Beaux-Arts w Brukseli.<\/p>\n\n\n\n<p>Podr\u00f3\u017cowa\u0142&nbsp; do Ameryki Po\u0142udniowej (Brazylia, Urugwaj, Argentyna, Wenezuela). Spotka\u0142 si\u0119 z polskim pisarzem Witoldem Gombrowiczem, swoim bratem Stanis\u0142awem i jego rodzin\u0105.<\/p>\n\n\n\n<p>Pokaza\u0142 swoje prace na wystawach w Museu de Arte Moderna de S\u0101o Paulo i w Rio de Janeiro.<\/p>\n\n\n\n<p><strong>1956<\/strong><\/p>\n\n\n\n<p>Wystawa wsp\u00f3lna z Jean Colin w Amiens w Galerii przy rue Duserel.<\/p>\n\n\n\n<p>W Wystawa w Grabowski Gallery w Londynie.<\/p>\n\n\n\n<p>W Polskiej Rzeczpospolitej Ludowej w pa\u017adzierniku rozpocz\u0105\u0142 si\u0119 okres liberalizacji ustroju i ograniczenia komunistycznego terroru w Polsce.<\/p>\n\n\n\n<p><strong>1957<\/strong><\/p>\n\n\n\n<p>Na fali tzw. Odwil\u017cy (liberalizace komunistick\u00e9ho re\u017eimu po smrti Stalina a nepokoj\u00edch v&nbsp;roce 1956) mo\u017cliwe by\u0142o zorganizowanie indywidualnych&nbsp; wystaw&nbsp; dzie\u0142 J\u00f3zefa Czapskiego w komunistycznej Polsce:<\/p>\n\n\n\n<ul class=\"wp-block-list\"><li>W Muzeum Narodowym w Poznaniu<\/li><li>W Galeria w Domu Zwi\u0105zku Polskich&nbsp; Artyst\u00f3w Plastyk\u00f3w w Krakowie.<\/li><\/ul>\n\n\n\n<p>Czapski nie uczestniczy\u0142 w otwarciu wystaw. Nie m\u00f3g\u0142 z powod\u00f3w politycznych przyjecha\u0107 do Polski, Jako \u017co\u0142nierz Armii Andersa, ocalony z oboz\u00f3w sowieckich, oskar\u017caj\u0105cy Stalina i Beri\u0119 za zbrodni\u0119 katy\u0144ska, nie m\u00f3g\u0142 po wojnie wr\u00f3ci\u0107 do komunistycznej Polski.<\/p>\n\n\n\n<p>W zwi\u0105zku z tzw. \u201eodwil\u017c\u0105\u201d, rozwa\u017ca\u0142 przyjazd do Polski, ale jak pisa\u0142 do Ludwika Heringa: &nbsp;\u201eNie widz\u0119, bym m\u00f3g\u0142 wraca\u0107 i zdecydowa\u0107 si\u0119 na milczenie o tylu rzeczach. A tu do pewnego stopnia postawiono mi alternatyw\u0119, albo wracasz zupe\u0142nie, albo nie wracasz \u2013 bez turystyki!\u201d Jerzy Giedroyc nie chcia\u0142, by Czapski \u2013 wsp\u00f3\u0142pracownik emigracyjnego pisma \u201eKultura\u201d odwiedzi\u0142 komunistyczn\u0105 Polsk\u0119. Ba\u0142 si\u0119, \u017ce w\u0142adze wykorzystaj\u0105 to propagandowo. Dlatego \u201ezabroni\u0142 mu turystyki\u201d. Czapski nie chc\u0105c tak\u017ce zostawi\u0107 siostr\u0119 Mari\u0119, podj\u0105\u0142 decyzj\u0119 o niewyje\u017cd\u017caniu z Francji.<\/p>\n\n\n\n<p><strong>1958<\/strong><\/p>\n\n\n\n<p>6 czerwca &#8211; wystawa obraz\u00f3w i rysunk\u00f3w w Galerie M. B\u00e9nezit w Pary\u017cu.<\/p>\n\n\n\n<p>\u201eMoja wystawa w Pary\u017cu by\u0142a, zdaje si\u0119, lepsza ni\u017c dawniejsza\u201d.<\/p>\n\n\n\n<p>Spotkanie u Jeana Cocteau w Milly-la-Foret. Wizyta u Andr\u00e9 Malraux: \u201e<em>Szalenie mi si\u0119 wyda\u0142 podobny do mojego rysunku [\u2026] uciek\u0142 od Gallimarda do de Gaulle`a\u201d.<\/em><\/p>\n\n\n\n<p><strong>1959<\/strong><\/p>\n\n\n\n<p>Wystawa w Grabowski Gallery w Londynie.<\/p>\n\n\n\n<p><strong>1960<\/strong><\/p>\n\n\n\n<p>Publikacja zbioru esej\u00f3w J\u00f3zefa Czapskiego o sztuce pt. \u201eOko\u201d (Instytut Literacki, Pary\u017c).<\/p>\n\n\n\n<p>Wystawa w Grabowski Gallery w Londynie.<\/p>\n\n\n\n<p><strong>1961<\/strong><\/p>\n\n\n\n<p>Wystawy malarstwa w Galerie M. B\u00e9n\u00e9zit&nbsp; w Pary\u017cu<\/p>\n\n\n\n<p>Wystawa w Sagittarius Gallery w Nowym Jorku<\/p>\n\n\n\n<p><strong>1962<\/strong><\/p>\n\n\n\n<p>Wystawy w Galerie de Marignan w Pary\u017cu<\/p>\n\n\n\n<p>Wystawa w Toronto<\/p>\n\n\n\n<p><strong>1964<\/strong><\/p>\n\n\n\n<p>Wystawy rysunk\u00f3w w Galerie Aurelia w Pary\u017cu<\/p>\n\n\n\n<p>Wystawa w Galerie B\u00e9n\u00e9zit w Pary\u017cu<\/p>\n\n\n\n<p>Wystawa w&nbsp; Grabowski Gallery w Londynie<\/p>\n\n\n\n<p><strong>1965<\/strong><\/p>\n\n\n\n<p>Spotkanie z Ann\u0105 Achmatow\u0105 w Pary\u017cu.<\/p>\n\n\n\n<p><strong>1966<\/strong><\/p>\n\n\n\n<p>Wystawy w Galerie Jacquesa Desbri\u00e8re w Pary\u017cu<\/p>\n\n\n\n<p>Wystawa w Galerie M. Motte w Genewie<\/p>\n\n\n\n<p><strong>1967<\/strong><\/p>\n\n\n\n<p>Wystawa w Galerie Jacquesa Desbri\u00e8re w Pary\u017cu.<\/p>\n\n\n\n<p>Malowa\u0142 obraz \u201eMadeleine Renaud w sztuce Marguerite Duras Des Journ\u00e9es\u2026\u201d. Znajomo\u015b\u0107 z aktork\u0105 przetrwa przez kolejne lata i b\u0119d\u0105 si\u0119 spotykali towarzysko w kawiarniach i restauracjach paryskich. &nbsp;Czapski b\u0119dzie zapraszany przez aktork\u0119 i jej m\u0119\u017ca Jeana-Louis Barrault na spektakle teatralne do Teatru Odeon, w czasie kt\u00f3rych i naszkicowa\u0142 wiele rysunk\u00f3w; na ich podstawie powsta\u0142y obrazy.<\/p>\n\n\n\n<p><strong>1968<\/strong><\/p>\n\n\n\n<p>W paryskiej Kulturze w specjalnym numerze po\u015bwi\u0119conym wydarzeniom w Czechos\u0142owacji J\u00f3zef Czapski opublikowa\u0142 &nbsp;tekst &#8222;Wystrza\u0142 w\u015br\u00f3d nocy&#8220;. (\u201eKultura\u201d 1968, nr 253) https:\/\/static.kulturaparyska.com\/attachments\/3c\/05\/d2eddb4e924ef93300f6c23dd259e9cf5ce126e0.pdf#page=18<\/p>\n\n\n\n<p>Wystawa w Grabowski Gallery w Londynie.<\/p>\n\n\n\n<p><strong>1969<\/strong><\/p>\n\n\n\n<p>Czapski w paryskiej Kulturze opublikowa\u0142 esej&nbsp; \u201e\u0160\u00edma i Cremonini\u201d, w kt\u00f3rym zachwyca\u0142 si\u0119 malarstwem czeskiego artysty. \u201eKultura\u201d 1969, nr 1\/256-2\/25<\/p>\n\n\n\n<p><strong>1970<\/strong><\/p>\n\n\n\n<p>Wystawy w Grabowski Gallery w Londynie i w Galerie Jacquesa Desbri\u00e8re w Pary\u017cu. Pozna\u0142 &nbsp;Murielle Gagnebin, kt\u00f3ra zafascynowana jego malarstwem rozpocznie prac\u0119 nad monograficzn\u0105 ksi\u0105\u017ck\u0105 o jego dzie\u0142ach &nbsp;(Czapski La main et l\u2019espace, 1974).<\/p>\n\n\n\n<p><strong>1971<\/strong><\/p>\n\n\n\n<p>Wystawa retrospektywna w Galerie M. Motte w Genewie.<\/p>\n\n\n\n<p>Otrzyma\u0142 Nagrod\u0119 Literack\u0105 Fundacji Godlewskich w Zurychu.<\/p>\n\n\n\n<p><strong>1972<\/strong><\/p>\n\n\n\n<p>Wystawa retrospektywna w Galerie M. Motte w Genewie<\/p>\n\n\n\n<p><strong>1973<\/strong><\/p>\n\n\n\n<p>Spotkanie z malarzem Pierre Lesieur, pocz\u0105tek d\u0142ugiej znajomo\u015bci i fascynacji malarstwem tego artysty.<\/p>\n\n\n\n<p><strong>1974<\/strong><\/p>\n\n\n\n<p>W Lozannie ukaza\u0142 si\u0119 monografia o malarstwie J\u00f3zefa Czapskiego&nbsp; napisana przez &nbsp;Murielle Werner-Gagnebin, \u201e<em>Czapski, la main et l\u2019espace<\/em>\u201d. To jedna z pierwszych takich publikacji o tw\u00f3rczo\u015bci polskiego malarza. W archiwum J\u00f3zefa Czapskiego w Muzeum Narodowym w Krakowie zachowa\u0142 si\u0119 egzemplarz, na kt\u00f3rym artysta pozostawi\u0142 \u015blady notatek, wnikliwego czytania.<\/p>\n\n\n\n<p>Wystawy w Galerie Lambert w Pary\u017cu i w Grabowski Gallery w Londynie oraz w Galerie M. Motte w Genewie.<\/p>\n\n\n\n<p>W pa\u017adzierniku w Zurichu wraz &nbsp;Jerzym Giedroyciem spotka\u0142 si\u0119 Aleksandrem So\u0142\u017cenicynem.<\/p>\n\n\n\n<p><strong>1975<\/strong><\/p>\n\n\n\n<p>Wystawa w Librairie-Galerie Galaxie w Pary\u017cu.<\/p>\n\n\n\n<p>W komunistycznej Polskiej Rzeczpospolitej Ludowej, G\u0142\u00f3wny Urz\u0105d Kontroli Prasy, Publikacji i Widowisk opublikowa\u0142&nbsp; notk\u0119 informacyjn\u0105 nr 9, w kt\u00f3rej znalaz\u0142y si\u0119 wytyczne dla cenzor\u00f3w. Notatka zawiera\u0142a nazwiska autor\u00f3w zakazanych. W\u015br\u00f3d nich znale\u017ali si\u0119 m.in. J\u00f3zef Czapski, Maria Czapska <strong>. \u201e(&#8230;) w stosunku do ni\u017cej wymienionych pisarzy, naukowc\u00f3w i publicyst\u00f3w przebywaj\u0105cych na emigracji (w wi\u0119kszo\u015bci wsp\u00f3\u0142pracownik\u00f3w wrogich wydawnictw i \u015brodk\u00f3w propagandy antypolskiej) nale\u017cy przyj\u0105\u0107 zasad\u0119 bezwarunkowego eliminowania ich nazwisk oraz wzmianek o ich tw\u00f3rczo\u015bci, poza krytycznymi, z prasy, radia i TV oraz publikacji nieperiodycznych o nienaukowym charakterze (literatura pi\u0119kna, publicystyka, eseistyka)\u201d<\/strong>.<\/p>\n\n\n\n<p><strong>1976<\/strong><\/p>\n\n\n\n<p>Wystawa w Galerie Melisa w Lozannie oraz &nbsp;Galerie Plexus Barbary i Richarda Aeschlimann\u00f3w w Chexbres.<\/p>\n\n\n\n<p><strong>1977<\/strong><\/p>\n\n\n\n<p>Wystawy w Galerie D\u00e9dale w Genewie i w Librairie-Galerie Galaxie w Pary\u017cu.<\/p>\n\n\n\n<p><strong>1978<\/strong><\/p>\n\n\n\n<p><a>Wystawa w Galerie Briance w Pary\u017cu.<\/a><\/p>\n\n\n\n<p><strong>1979<\/strong><\/p>\n\n\n\n<p>Wystawa w salonie Galerie Jacques Desbri\u00e8re. Wystawa w Galerie Plexus Richarda Aeschlimanna w Chexbres (Szwajcaria).<\/p>\n\n\n\n<p><strong>1980<\/strong><\/p>\n\n\n\n<p>Wystawa w Galerie Plexus w Chebres Richarda Aeschlimanna.<\/p>\n\n\n\n<p><strong>1981<\/strong><\/p>\n\n\n\n<p>Umar\u0142a jego siostra Maria Czapska.<\/p>\n\n\n\n<p>Instytut Literacki wyda\u0142 tom esej\u00f3w o sztuce i o literaturze pt. &nbsp;\u201eTumult i widma\u201d.<\/p>\n\n\n\n<p>Wystawa w Galerie Briance w Pary\u017cu.<\/p>\n\n\n\n<p><strong>1982<\/strong><\/p>\n\n\n\n<p><a>Wystawa w Galerie Plexus Richarda Aeschlimanna w Chexbres (Szwajcaria).<\/a><\/p>\n\n\n\n<p><strong>1983<\/strong><\/p>\n\n\n\n<p>Nak\u0142adem wydawnictwa Znak w Krakowie, kt\u00f3rego dyrektorem by\u0142 Jacek Wo\u017aniakowski, m\u0105\u017c siostrzenicy J\u00f3zefa Czapskiego &nbsp;ukaza\u0142 si\u0119 drukiem zbi\u00f3r esej\u00f3w pt. &nbsp;\u201ePatrz\u0105c\u201d (w opracowaniu Joanny Pollak\u00f3wny). To artyku\u0142y, kt\u00f3re we Francji ukaza\u0142y si\u0119 w emigracyjnym wydawnictwie pt. \u201eOko\u201d.<\/p>\n\n\n\n<p><a>Wystawa w Galerie Plexus Richarda Aeschlimanna w Chexbres (Szwajcaria).<\/a><\/p>\n\n\n\n<p><strong>1984<\/strong><\/p>\n\n\n\n<p>Wystawa w Galerie Briance w Pary\u017cu.<\/p>\n\n\n\n<p><strong>1985<\/strong><\/p>\n\n\n\n<p>Jjako najstarszy artysta uczestniczy\u0142 w Biennale Paryskim ( Biennale de Paris, Grande Halle de La Villette) i pokaza\u0142 10 obraz\u00f3<a>w w jednej sali dla niego przeznaczonej.<\/a><\/p>\n\n\n\n<p>Wystawa w Galerie Plexus Richarda Aeschlimanna w Chexbres (Szwajcaria).<\/p>\n\n\n\n<p><strong>1986<\/strong><\/p>\n\n\n\n<p>Wystawa w Muzeum Archidiecezjalnym w Warszawie.<\/p>\n\n\n\n<p>Wystawa w Galerie Plexus Richarda Aeschlimanna w Chexbres (Szwajcaria).<\/p>\n\n\n\n<p>Re\u017cyserka Agnieszka Holland przygotowa\u0142a film o J\u00f3zefie Czapskim.<\/p>\n\n\n\n<p><strong>1986<\/strong><\/p>\n\n\n\n<p>&nbsp;Wystawa <em>Czapski. Peintures r\u00e9centes et anciennes,<\/em> <a>Galerie Plexus Richarda Aeschlimanna&nbsp; w&nbsp; Chexbres (Szwajcaria).<\/a><\/p>\n\n\n\n<p><strong>1987<\/strong><\/p>\n\n\n\n<p>W siedzibie wydawnictwa \u201eLibella\u201d przy 12, rue Saint-Louis-en-l`Isle w Pary\u017cu z okazji wydania ksi\u0105\u017cki <em>Proust contre la dech\u00e9ance<\/em> oraz ksi\u0105\u017cki <em>Souvenirs de Starobielsk<\/em> (wydawnictwo &nbsp;Noir sur Blanc) odby\u0142o si\u0119 spotkanie autorskie J\u00f3zefa Czapskiego.<\/p>\n\n\n\n<p><strong>1988<\/strong><\/p>\n\n\n\n<p>Wystawa w Galerie Plexus Richarda Aeschlimanna&nbsp; w&nbsp; Chexbres (Szwajcaria).<\/p>\n\n\n\n<p><strong>1989<\/strong><\/p>\n\n\n\n<p>Wystawa pt. <em>Czapski. Toiles anciennes et nouvelles,<\/em> Galerie Plexus Richarda Aeschlimanna w&nbsp; Chexbres (Szwajcaria).<\/p>\n\n\n\n<p><strong>1990<\/strong><\/p>\n\n\n\n<p>Ukaza\u0142o si\u0119 pierwsze w Polsce oficjalne wydanie \u201eNa nieludzkiej ziemi\u201d (wydawnictwo Czytelnik).<\/p>\n\n\n\n<p>Dwie wystawy w Mus\u00e9e Jenisch w Vevey w Szwajcarii (w tym jedna z nich retrospektywna).<\/p>\n\n\n\n<p>W wydawnictwie Znak w Krakowie wydano &nbsp;eseje Czapskiego &nbsp;pt. \u201eCzytaj\u0105c\u201d ( w opracowaniu Jana Zieli\u0144skiego).<\/p>\n\n\n\n<p><strong>1991<\/strong><\/p>\n\n\n\n<p>Wystawa \u201eDziennik J\u00f3zefa Czapskiego\u201d w Muzeum Narodowym w Poznaniu.<\/p>\n\n\n\n<p><strong>1992<\/strong><\/p>\n\n\n\n<p>Wystawa \u201eJ\u00f3zef Czapski. Malarstwo ze zbior\u00f3w szwajcarskich\u201d, Muzea Narodowe w Krakowie, Poznaniu,&nbsp; Warszawie.<\/p>\n\n\n\n<p>Otrzyma\u0142 nominacj\u0119 na Honorowego Profesora Akademii Sztuk Pi\u0119knych w Krakowie. Do siedziby paryskiej Kultury dyplom przywi\u00f3z\u0142 rektor profesor Stanis\u0142aw Rodzi\u0144ski.<\/p>\n\n\n\n<p><strong>1993<\/strong><\/p>\n\n\n\n<p>12 stycznia &nbsp;w swoim pokoju,w domu przy 91, avenue de Poissy w Le Mesnil-le-Roi umar\u0142 J\u00f3zef Czapski i zosta\u0142 pochowany na cmentarzu w Mesnil-le-Roi.<\/p>\n\n\n\n<p><strong>1996<\/strong><\/p>\n\n\n\n<p>W stulecie urodzin J\u00f3zefa Czapskiego UNESCO og\u0142osi\u0142o rok 1996 Rokiem J\u00f3zefa Czapskiego<\/p>\n\n\n\n<p>W grudniu 1996 roku w salach praskiego Ratusza Nowomiejskiego Muzeum Narodowe w Krakowie otworzy\u0142o wystaw\u0119 <em>J\u00f3zef Czapski. Malirske a literarni dilo<\/em>. Pokazano w\u00f3wczas 60 obraz\u00f3w olejnych wypo\u017cyczonych ze zbior\u00f3w szwajcarskich oraz zestaw bardzo wielu ksi\u0105\u017cek autorstwa Czapskiego, a tak\u017ce jemu po\u015bwi\u0119conych.<\/p>\n\n\n\n<p><sub>Kalendarium opracowa\u0142a El\u017cbieta Skoczek na podstawie dokument\u00f3w&nbsp; archiwalnych oraz materia\u0142\u00f3w zebranych przez&nbsp; Joann\u0119 Pollak\u00f3wn\u0119, Piotra K\u0142oczowskiego, Janusza Nowaka.<\/sub><\/p>\n","protected":false},"excerpt":{"rendered":"<p>J\u00f3zef Czapski&nbsp; &#8211; syn J\u00f3zefy Leopoldyny hrabiny Thun \u2013 Hohenstein (Austriaczki) oraz hrabiego Jerzego Hutten \u2013 Czapskiego (Polaka). Wnuk hrabiego Fryderyka Franciszka J\u00f3zefa Thun-Hohenstein, urodzonego 7 maja 1810 w D\u011b\u010d\u00edn, siostrzeniec Franciszka Thun- Hohenstein (Namiestnika Czech w latach 1889-1896 i latach 1911-1915). Urodzi\u0142 si\u0119 w Pradze, dzieci\u0144stwo sp\u0119dzi\u0142 na ziemiach polskich, pod zaborem rosyjskim, m\u0142odo\u015b\u0107&hellip; <a class=\"more-link\" href=\"https:\/\/www.czapski.cz\/index.php\/pl\/kalendarium-2\/\">Pokra\u010dovat ve\u00a0\u010dten\u00ed <span class=\"screen-reader-text\">Kalendarium<\/span><\/a><\/p>\n","protected":false},"author":1,"featured_media":0,"parent":0,"menu_order":0,"comment_status":"closed","ping_status":"closed","template":"","meta":{"footnotes":""},"class_list":["post-165","page","type-page","status-publish","hentry","entry"],"_links":{"self":[{"href":"https:\/\/www.czapski.cz\/index.php\/wp-json\/wp\/v2\/pages\/165","targetHints":{"allow":["GET"]}}],"collection":[{"href":"https:\/\/www.czapski.cz\/index.php\/wp-json\/wp\/v2\/pages"}],"about":[{"href":"https:\/\/www.czapski.cz\/index.php\/wp-json\/wp\/v2\/types\/page"}],"author":[{"embeddable":true,"href":"https:\/\/www.czapski.cz\/index.php\/wp-json\/wp\/v2\/users\/1"}],"replies":[{"embeddable":true,"href":"https:\/\/www.czapski.cz\/index.php\/wp-json\/wp\/v2\/comments?post=165"}],"version-history":[{"count":3,"href":"https:\/\/www.czapski.cz\/index.php\/wp-json\/wp\/v2\/pages\/165\/revisions"}],"predecessor-version":[{"id":312,"href":"https:\/\/www.czapski.cz\/index.php\/wp-json\/wp\/v2\/pages\/165\/revisions\/312"}],"wp:attachment":[{"href":"https:\/\/www.czapski.cz\/index.php\/wp-json\/wp\/v2\/media?parent=165"}],"curies":[{"name":"wp","href":"https:\/\/api.w.org\/{rel}","templated":true}]}}